{"id":898,"date":"2026-03-05T11:16:46","date_gmt":"2026-03-05T11:16:46","guid":{"rendered":"https:\/\/bizili.kwinpreview.be\/home\/"},"modified":"2026-04-03T21:31:40","modified_gmt":"2026-04-03T21:31:40","slug":"home","status":"publish","type":"page","link":"https:\/\/bizili.kwinpreview.be\/fr\/","title":{"rendered":"Home"},"content":{"rendered":"<div class=\"wpb-content-wrapper\"><p>[vc_row full_width=\u00a0\u00bbstretch_row\u00a0\u00bb full_height=\u00a0\u00bbyes\u00a0\u00bb columns_placement=\u00a0\u00bbbottom\u00a0\u00bb content_placement=\u00a0\u00bbtop\u00a0\u00bb css=\u00a0\u00bb.vc_custom_1772716429799{background-color: #360019 !important;}\u00a0\u00bb][vc_column][vc_row_inner css=\u00a0\u00bb.vc_custom_1772716388830{margin-top: 5% !important;}\u00a0\u00bb][vc_column_inner][vc_column_text css_animation=\u00a0\u00bbzoomIn\u00a0\u00bb css=\u00a0\u00bb\u00a0\u00bb el_class=\u00a0\u00bborange h1hero\u00a0\u00bb]<\/p>\n<h1 style=\"text-align: center;\">LA licence business<br \/>\npour textes et images<\/h1>\n<p>[\/vc_column_text][\/vc_column_inner][\/vc_row_inner][vc_row_inner css=\u00a0\u00bb.vc_custom_1772716076393{padding-right: 15% !important;padding-left: 15% !important;}\u00a0\u00bb][vc_column_inner width=\u00a0\u00bb1\/6&Prime;][\/vc_column_inner][vc_column_inner width=\u00a0\u00bb1\/6&Prime;][\/vc_column_inner][vc_column_inner width=\u00a0\u00bb1\/6&Prime;][vc_btn title=\u00a0\u00bbSUR BIZILI\u00a0\u00bb style=\u00a0\u00bboutline-custom\u00a0\u00bb outline_custom_color=\u00a0\u00bb#FFFFFF\u00a0\u00bb outline_custom_hover_background=\u00a0\u00bb#D9A3E7&Prime; size=\u00a0\u00bbsm\u00a0\u00bb align=\u00a0\u00bbcenter\u00a0\u00bb i_align=\u00a0\u00bbright\u00a0\u00bb i_icon_fontawesome=\u00a0\u00bbfa fa-solid fa-arrow-right-long\u00a0\u00bb css_animation=\u00a0\u00bbfadeIn\u00a0\u00bb css=\u00a0\u00bb\u00a0\u00bb button_block=\u00a0\u00bbtrue\u00a0\u00bb add_icon=\u00a0\u00bbtrue\u00a0\u00bb link=\u00a0\u00bburl:https%3A%2F%2Fbizili.kwinpreview.be%2Ffr%2Fsur-bizili%2F|title:Over%20bizili\u00a0\u00bb][\/vc_column_inner][vc_column_inner width=\u00a0\u00bb1\/6&Prime;][vc_btn title=\u00a0\u00bbTARIFS\u00a0\u00bb style=\u00a0\u00bboutline-custom\u00a0\u00bb outline_custom_color=\u00a0\u00bb#FFFFFF\u00a0\u00bb outline_custom_hover_background=\u00a0\u00bb#D9A3E7&Prime; size=\u00a0\u00bbsm\u00a0\u00bb align=\u00a0\u00bbcenter\u00a0\u00bb i_align=\u00a0\u00bbright\u00a0\u00bb i_icon_fontawesome=\u00a0\u00bbfa fa-solid fa-arrow-right-long\u00a0\u00bb css_animation=\u00a0\u00bbfadeIn\u00a0\u00bb css=\u00a0\u00bb\u00a0\u00bb button_block=\u00a0\u00bbtrue\u00a0\u00bb add_icon=\u00a0\u00bbtrue\u00a0\u00bb link=\u00a0\u00bburl:https%3A%2F%2Fbizili.kwinpreview.be%2Ffr%2Fbizili-pratique%2F|title:Over%20bizili\u00a0\u00bb][\/vc_column_inner][vc_column_inner width=\u00a0\u00bb1\/6&Prime;][\/vc_column_inner][vc_column_inner width=\u00a0\u00bb1\/6&Prime;][\/vc_column_inner][\/vc_row_inner][vc_row_inner][vc_column_inner width=\u00a0\u00bb1\/3&Prime;][\/vc_column_inner][vc_column_inner width=\u00a0\u00bb1\/3&Prime;][vc_single_image image=\u00a0\u00bb892&Prime; img_size=\u00a0\u00bbfull\u00a0\u00bb alignment=\u00a0\u00bbcenter\u00a0\u00bb css_animation=\u00a0\u00bbfadeInUp\u00a0\u00bb css=\u00a0\u00bb.vc_custom_1772716381812{margin-bottom: 0px !important;}\u00a0\u00bb][\/vc_column_inner][vc_column_inner width=\u00a0\u00bb1\/3&Prime;][\/vc_column_inner][\/vc_row_inner][\/vc_column][\/vc_row][vc_row gap=\u00a0\u00bb35&Prime; css=\u00a0\u00bb.vc_custom_1775251617374{padding-top: 5% !important;padding-bottom: 0px !important;}\u00a0\u00bb][vc_column width=\u00a0\u00bb1\/2&Prime; css=\u00a0\u00bb.vc_custom_1772718328874{padding-top: 50px !important;}\u00a0\u00bb][vc_column_text css=\u00a0\u00bb\u00a0\u00bb el_class=\u00a0\u00bborange\u00a0\u00bb]<\/p>\n<h2>Il n\u2019y a rien de mal \u00e0 faire le perroquet \u2026 mais toujours dans le respect des droits d\u2019auteur<\/h2>\n<p>[\/vc_column_text][vc_column_text css=\u00a0\u00bb\u00a0\u00bb]<span style=\"font-weight: 400;\">Avec bizili by Reprobel, vous pouvez copier et partager sans souci des textes et des images prot\u00e9g\u00e9s par le droit d&rsquo;auteur au sein de votre organisation. Sous forme num\u00e9rique ou sur papier. Pour les \u0153uvres belges et \u00e9trang\u00e8res. Sans risque de contr\u00f4les d\u00e9sagr\u00e9ables, d&rsquo;infractions et de sanctions. Comme Johnny, optez pour la s\u00e9curit\u00e9 en mati\u00e8re de droit d&rsquo;auteur dans le monde num\u00e9rique d&rsquo;aujourd&rsquo;hui.<\/span>[\/vc_column_text][vc_row_inner css=\u00a0\u00bb.vc_custom_1772718485563{margin-top: 15% !important;}\u00a0\u00bb][vc_column_inner width=\u00a0\u00bb1\/3&Prime;][vc_btn title=\u00a0\u00bbSUR BIZILI\u00a0\u00bb style=\u00a0\u00bboutline-custom\u00a0\u00bb outline_custom_color=\u00a0\u00bb#191919&Prime; outline_custom_hover_background=\u00a0\u00bb#FB5607&Prime; size=\u00a0\u00bbsm\u00a0\u00bb align=\u00a0\u00bbcenter\u00a0\u00bb i_align=\u00a0\u00bbright\u00a0\u00bb i_icon_fontawesome=\u00a0\u00bbfa fa-solid fa-arrow-right-long\u00a0\u00bb css_animation=\u00a0\u00bbnone\u00a0\u00bb css=\u00a0\u00bb\u00a0\u00bb button_block=\u00a0\u00bbtrue\u00a0\u00bb add_icon=\u00a0\u00bbtrue\u00a0\u00bb link=\u00a0\u00bburl:https%3A%2F%2Fbizili.kwinpreview.be%2Ffr%2Fsur-bizili%2F|title:Over%20bizili\u00a0\u00bb][\/vc_column_inner][vc_column_inner width=\u00a0\u00bb1\/3&Prime;][vc_raw_html css=\u00a0\u00bb\u00a0\u00bb]JTNDZGl2JTIwY2xhc3MlM0QlMjJ2Y19idG4zLWNvbnRhaW5lciUyMHZjX2J0bjMtY2VudGVyJTIwdmNfZG9fYnRuJTIyJTNFJTNDYSUyMGNsYXNzJTNEJTIydmNfZ2VuZXJhbCUyMHZjX2J0bjMlMjB2Y19idG4zLXNpemUtc20lMjB2Y19idG4zLXNoYXBlLXJvdW5kZWQlMjB2Y19idG4zLXN0eWxlLWN1c3RvbSUyMHZjX2J0bjMtYmxvY2slMjB2Y19idG4zLWljb24tbGVmdCUyMHZwLWElMjIlMjBzdHlsZSUzRCUyMmJhY2tncm91bmQtY29sb3IlM0ElMjAlMjNmYjU2MDclM0IlMjBjb2xvciUzQSUyMCUyMzE5MTkxOSUzQiUyMG1pbi13aWR0aCUzQSUyMDIwMHB4JTNCJTIyJTIwdGl0bGUlM0QlMjJPdmVyJTIwYml6aWxpJTIyJTIwaHJlZiUzRCUyMmh0dHBzJTNBJTJGJTJGd3d3LnlvdXR1YmUuY29tJTJGd2F0Y2glM0Z2JTNEMU5fWl9UQU1hR2slMjIlM0UlM0NpJTIwY2xhc3MlM0QlMjJ2Y19idG4zLWljb24lMjBmYSUyMGZhLXNvbGlkJTIwZmEtcGxheSUyMiUzRSUzQyUyRmklM0UlMjBSRUdBUkRFWiUyMFZJREVPJTNDJTJGYSUzRSUzQyUyRmRpdiUzRQ==[\/vc_raw_html][\/vc_column_inner][vc_column_inner width=\u00a0\u00bb1\/3&Prime;][\/vc_column_inner][\/vc_row_inner][\/vc_column][vc_column width=\u00a0\u00bb1\/2&Prime;][vc_raw_html css=\u00a0\u00bb.vc_custom_1775232286208{margin-top: -100px !important;margin-bottom: 0px !important;}\u00a0\u00bb]JTNDc2NyaXB0JTIwc3JjJTNEJTIyaHR0cHMlM0ElMkYlMkZ1bnBrZy5jb20lMkYlNDBsb3R0aWVmaWxlcyUyRmxvdHRpZS1wbGF5ZXIlNDBsYXRlc3QlMkZkaXN0JTJGbG90dGllLXBsYXllci5qcyUyMiUzRSUzQyUyRnNjcmlwdCUzRSUwQSUzQ2xvdHRpZS1wbGF5ZXIlMjBzcmMlM0QlMjJodHRwcyUzQSUyRiUyRmJpemlsaS5rd2lucHJldmlldy5iZSUyRndwLWNvbnRlbnQlMkZ1cGxvYWRzJTJGMjAyNiUyRjAzJTJGQklaX0FuaV8xLmpzb24lMjIlMjAlMjBiYWNrZ3JvdW5kJTNEJTIydHJhbnNwYXJlbnQlMjIlMjAlMjBzcGVlZCUzRCUyMjAuOCUyMiUyMCUyMHN0eWxlJTNEJTIyd2lkdGglM0ElMjAxMDAlMjUlM0IlMjBoZWlnaHQlM0ElMjBhdXRvJTNCJTIyJTIwJTIwbG9vcCUyMCUyMGF1dG9wbGF5JTNFJTNDJTJGbG90dGllLXBsYXllciUzRSUwQSUwQQ==[\/vc_raw_html][\/vc_column][\/vc_row][vc_row css_animation=\u00a0\u00bbfadeInUp\u00a0\u00bb css=\u00a0\u00bb.vc_custom_1772721088334{margin-bottom: 5% !important;padding-top: 3% !important;padding-right: 3% !important;padding-bottom: 3% !important;padding-left: 3% !important;background-color: #D9A3E7 !important;border-radius: 15px !important;}\u00a0\u00bb][vc_column width=\u00a0\u00bb1\/2&Prime;][vc_column_text css=\u00a0\u00bb\u00a0\u00bb el_class=\u00a0\u00bbblack\u00a0\u00bb]<\/p>\n<h2>Notre CEO<br \/>\n\u00e0 la parole<\/h2>\n<p>[\/vc_column_text][\/vc_column][vc_column width=\u00a0\u00bb1\/2&Prime; css=\u00a0\u00bb.vc_custom_1772720391196{padding-right: 5% !important;}\u00a0\u00bb][vc_single_image image=\u00a0\u00bb893&Prime; img_size=\u00a0\u00bb\u00a0\u00bb css=\u00a0\u00bb.vc_custom_1772719496173{margin-bottom: 25px !important;}\u00a0\u00bb][vc_column_text css=\u00a0\u00bb\u00a0\u00bb el_class=\u00a0\u00bblargetext black\u00a0\u00bb]\u00ab Pour les entreprises et les institutions publiques, il est souvent tr\u00e8s difficile de g\u00e9rer les droits d&rsquo;auteur sur les textes et les images dans le monde num\u00e9rique pour l&rsquo;ensemble de leur personnel. Avec bizili by Reprobel, cela devient facile et centralis\u00e9. De plus, chaque euro bizili est revers\u00e9 aux auteurs et aux \u00e9diteurs, afin qu&rsquo;ils re\u00e7oivent une r\u00e9mun\u00e9ration \u00e9quitable pour l&rsquo;utilisation \u00e0 grande \u00e9chelle de leurs \u0153uvres. \u00bb[\/vc_column_text][vc_single_image image=\u00a0\u00bb894&Prime; img_size=\u00a0\u00bb212&#215;79&Prime; css=\u00a0\u00bb.vc_custom_1774877328252{margin-bottom: 15px !important;}\u00a0\u00bb][vc_row_inner equal_height=\u00a0\u00bbyes\u00a0\u00bb content_placement=\u00a0\u00bbmiddle\u00a0\u00bb][vc_column_inner width=\u00a0\u00bb2\/12&Prime;][vc_single_image image=\u00a0\u00bb895&Prime; img_size=\u00a0\u00bbfull\u00a0\u00bb style=\u00a0\u00bbvc_box_circle_2&Prime; css=\u00a0\u00bb.vc_custom_1772720315669{margin-bottom: 0px !important;}\u00a0\u00bb][\/vc_column_inner][vc_column_inner width=\u00a0\u00bb10\/12&Prime;][vc_column_text css=\u00a0\u00bb.vc_custom_1774882395378{margin-bottom: 0px !important;}\u00a0\u00bb]<strong>Jean-Paul Langhoor-Beitia<\/strong><br \/>\nCEO Reprobel[\/vc_column_text][\/vc_column_inner][\/vc_row_inner][\/vc_column][\/vc_row][vc_row css=\u00a0\u00bb.vc_custom_1772719854321{margin-bottom: 7% !important;}\u00a0\u00bb][vc_column][vc_row_inner][vc_column_inner width=\u00a0\u00bb5\/6&Prime;][vc_column_text css=\u00a0\u00bb\u00a0\u00bb el_class=\u00a0\u00bbblack\u00a0\u00bb]<\/p>\n<h2>bizili Buzz<\/h2>\n<p>[\/vc_column_text][\/vc_column_inner][vc_column_inner width=\u00a0\u00bb1\/6&Prime;][vc_btn title=\u00a0\u00bbVIEW ALL\u00a0\u00bb style=\u00a0\u00bboutline-custom\u00a0\u00bb outline_custom_color=\u00a0\u00bb#191919&Prime; outline_custom_hover_background=\u00a0\u00bb#FB5607&Prime; size=\u00a0\u00bbsm\u00a0\u00bb align=\u00a0\u00bbright\u00a0\u00bb i_align=\u00a0\u00bbright\u00a0\u00bb i_icon_fontawesome=\u00a0\u00bbfa fa-solid fa-arrow-right-long\u00a0\u00bb css_animation=\u00a0\u00bbnone\u00a0\u00bb css=\u00a0\u00bb\u00a0\u00bb add_icon=\u00a0\u00bbtrue\u00a0\u00bb link=\u00a0\u00bburl:https%3A%2F%2Fbizili.kwinpreview.be%2Ffr%2Fcommunaute%2F|title:Over%20bizili\u00a0\u00bb el_class=\u00a0\u00bbbuttonnoborder\u00a0\u00bb][\/vc_column_inner][\/vc_row_inner][vc_row_inner][vc_column_inner width=\u00a0\u00bb1\/3&Prime;][vc_single_image image=\u00a0\u00bb896&Prime; img_size=\u00a0\u00bbfull\u00a0\u00bb css=\u00a0\u00bb\u00a0\u00bb][vc_column_text css=\u00a0\u00bb.vc_custom_1775232189665{margin-bottom: 15px !important;}\u00a0\u00bb]<\/p>\n<h3 style=\"text-align: left;\">Compendium du droit d&rsquo;auteur belge (NL)<\/h3>\n<p>[\/vc_column_text][vc_column_text css=\u00a0\u00bb.vc_custom_1775214663951{margin-bottom: 15px !important;}\u00a0\u00bb]<\/p>\n<h4 style=\"text-align: left;\"><span class=\"inner\">Kurt<\/span>\u00a0<span class=\"inner\">Van<\/span>\u00a0<span class=\"inner\">Damme<\/span><\/h4>\n<p>[\/vc_column_text][vc_column_text css=\u00a0\u00bb.vc_custom_1775232199649{margin-bottom: 35px !important;}\u00a0\u00bb]<\/p>\n<p style=\"text-align: left;\">L\u2019ouvrage de r\u00e9f\u00e9rence sur le droit d\u2019auteur (couverture rigide avec ruban marque-page) de pas moins de 1 711 pages, en n\u00e9erlandais. Un ouvrage juridique complet qui traite du droit d\u2019auteur belge et europ\u00e9en sous tous ses aspects. Des principes fondamentaux \u00e0 la jurisprudence, la doctrine et la l\u00e9gislation actuelles. Id\u00e9al pour les avocats, les juges, les universitaires, les professionnels travaillant dans le domaine de la propri\u00e9t\u00e9 intellectuelle et les services juridiques des grandes entreprises, des institutions publiques, des \u00e9tablissements d\u2019enseignement et des institutions patrimoniales.<\/p>\n<p>[\/vc_column_text][vc_btn title=\u00a0\u00bbCOMMANDEZ ICI\u00a0\u00bb style=\u00a0\u00bboutline-custom\u00a0\u00bb outline_custom_color=\u00a0\u00bb#191919&Prime; outline_custom_hover_background=\u00a0\u00bb#FB5607&Prime; size=\u00a0\u00bbsm\u00a0\u00bb align=\u00a0\u00bbleft\u00a0\u00bb i_align=\u00a0\u00bbright\u00a0\u00bb i_icon_fontawesome=\u00a0\u00bbfa fa-solid fa-arrow-right-long\u00a0\u00bb css_animation=\u00a0\u00bbnone\u00a0\u00bb css=\u00a0\u00bb\u00a0\u00bb add_icon=\u00a0\u00bbtrue\u00a0\u00bb link=\u00a0\u00bburl:https%3A%2F%2Fwww.larcier-intersentia.com%2Fnl%2Fcompendium-belgisch-auteursrecht-9789400018914.html|title:Over%20bizili|target:_blank|\u00a0\u00bb][\/vc_column_inner][vc_column_inner width=\u00a0\u00bb1\/3&Prime;][vc_single_image image=\u00a0\u00bb897&Prime; img_size=\u00a0\u00bbfull\u00a0\u00bb css=\u00a0\u00bb\u00a0\u00bb][vc_column_text css=\u00a0\u00bb.vc_custom_1775232229913{margin-bottom: 15px !important;}\u00a0\u00bb]<\/p>\n<h3 style=\"text-align: left;\">Auteursrecht in the pocket (NL)<\/h3>\n<p>[\/vc_column_text][vc_column_text css=\u00a0\u00bb.vc_custom_1775214654964{margin-bottom: 15px !important;}\u00a0\u00bb]<\/p>\n<h4 style=\"text-align: left;\"><span class=\"inner\">Kurt<\/span>\u00a0<span class=\"inner\">Van<\/span>\u00a0<span class=\"inner\">Damme<\/span><\/h4>\n<p>[\/vc_column_text][vc_column_text css=\u00a0\u00bb.vc_custom_1775232220825{margin-bottom: 35px !important;}\u00a0\u00bb]<\/p>\n<p style=\"text-align: left;\">Ceux qui pr\u00e9tendent que le droit d\u2019auteur ne peut pas \u00eatre amusant se trompent clairement. Cette \u00e9dition de poche (couverture souple, 699 pages) est un guide concis et accessible pour ceux qui souhaitent acqu\u00e9rir rapidement une compr\u00e9hension des r\u00e8gles fondamentales du droit d\u2019auteur. Id\u00e9al pour les non-juristes, les \u00e9tudiants, les d\u00e9butants dans le domaine ou ceux qui ont besoin d\u2019une r\u00e9f\u00e9rence pratique. Et pour tous ceux qui aiment l\u2019humour belge.<\/p>\n<p>[\/vc_column_text][vc_btn title=\u00a0\u00bbCOMMANDEZ ICI\u00a0\u00bb style=\u00a0\u00bboutline-custom\u00a0\u00bb outline_custom_color=\u00a0\u00bb#191919&Prime; outline_custom_hover_background=\u00a0\u00bb#FB5607&Prime; size=\u00a0\u00bbsm\u00a0\u00bb align=\u00a0\u00bbleft\u00a0\u00bb i_align=\u00a0\u00bbright\u00a0\u00bb i_icon_fontawesome=\u00a0\u00bbfa fa-solid fa-arrow-right-long\u00a0\u00bb css_animation=\u00a0\u00bbnone\u00a0\u00bb css=\u00a0\u00bb\u00a0\u00bb add_icon=\u00a0\u00bbtrue\u00a0\u00bb link=\u00a0\u00bburl:https%3A%2F%2Fwww.larcier-intersentia.com%2Fnl%2Fauteursrecht-the-pocket-9789400019188.html|title:Over%20bizili|target:_blank|\u00a0\u00bb][\/vc_column_inner][vc_column_inner width=\u00a0\u00bb1\/3&Prime;][\/vc_column_inner][\/vc_row_inner][\/vc_column][\/vc_row][vc_row full_width=\u00a0\u00bbstretch_row\u00a0\u00bb gap=\u00a0\u00bb35&Prime; css=\u00a0\u00bb.vc_custom_1772720827389{padding-top: 3% !important;padding-bottom: 3% !important;background-color: #FB5607 !important;}\u00a0\u00bb][vc_column width=\u00a0\u00bb5\/12&Prime; css=\u00a0\u00bb.vc_custom_1772720835354{margin-top: 35px !important;padding-right: 10% !important;}\u00a0\u00bb][vc_column_text css=\u00a0\u00bb.vc_custom_1773928042568{margin-bottom: 15px !important;}\u00a0\u00bb el_class=\u00a0\u00bbblack\u00a0\u00bb]<\/p>\n<h2>Fair pay, Fair play<\/h2>\n<p>[\/vc_column_text][vc_column_text css=\u00a0\u00bb\u00a0\u00bb]5 voordelen van bizili by Reprobel[\/vc_column_text][vc_btn title=\u00a0\u00bbCONTACT\u00a0\u00bb style=\u00a0\u00bboutline-custom\u00a0\u00bb outline_custom_color=\u00a0\u00bb#191919&Prime; outline_custom_hover_background=\u00a0\u00bb#D9A3E7&Prime; size=\u00a0\u00bbsm\u00a0\u00bb align=\u00a0\u00bbleft\u00a0\u00bb i_align=\u00a0\u00bbright\u00a0\u00bb i_icon_fontawesome=\u00a0\u00bbfa fa-solid fa-arrow-right-long\u00a0\u00bb css_animation=\u00a0\u00bbnone\u00a0\u00bb css=\u00a0\u00bb\u00a0\u00bb add_icon=\u00a0\u00bbtrue\u00a0\u00bb link=\u00a0\u00bburl:https%3A%2F%2Fbizili.kwinpreview.be%2Ffr%2Fcontact%2F|title:Over%20bizili\u00a0\u00bb][\/vc_column][vc_column width=\u00a0\u00bb7\/12&Prime;][vc_column_text css=\u00a0\u00bb\u00a0\u00bb]<\/p>\n<ul class=\"bizili-checklist\">\n<li>Droits d&rsquo;auteur sur les textes et les images facilement r\u00e9gl\u00e9s en quelques clics<\/li>\n<li>Pour les supports papier et num\u00e9riques, pour les \u0153uvres belges et \u00e9trang\u00e8res<\/li>\n<li>Aucun risque de contr\u00f4les d\u00e9sagr\u00e9ables, d&rsquo;infractions et de sanctions<\/li>\n<li>Une r\u00e9mun\u00e9ration \u00e9quitable pour les auteurs et les \u00e9diteurs, y compris dans le monde num\u00e9rique<\/li>\n<li>Une contribution fiscalement d\u00e9ductible au secteur cr\u00e9atif belge<\/li>\n<\/ul>\n<p>[\/vc_column_text][\/vc_column][\/vc_row]<\/p>\n<\/div>","protected":false},"excerpt":{"rendered":"<p>[vc_row full_width=\u00a0\u00bbstretch_row\u00a0\u00bb full_height=\u00a0\u00bbyes\u00a0\u00bb columns_placement=\u00a0\u00bbbottom\u00a0\u00bb content_placement=\u00a0\u00bbtop\u00a0\u00bb css=\u00a0\u00bb.vc_custom_1772716429799{background-color: #360019 !important;}\u00a0\u00bb][vc_column][vc_row_inner css=\u00a0\u00bb.vc_custom_1772716388830{margin-top: 5% !important;}\u00a0\u00bb][vc_column_inner][vc_column_text css_animation=\u00a0\u00bbzoomIn\u00a0\u00bb css=\u00a0\u00bb\u00a0\u00bb el_class=\u00a0\u00bborange h1hero\u00a0\u00bb] LA licence business pour textes et images [\/vc_column_text][\/vc_column_inner][\/vc_row_inner][vc_row_inner css=\u00a0\u00bb.vc_custom_1772716076393{padding-right: 15% !important;padding-left: 15% !important;}\u00a0\u00bb][vc_column_inner width=\u00a0\u00bb1\/6&Prime;][\/vc_column_inner][vc_column_inner width=\u00a0\u00bb1\/6&Prime;][\/vc_column_inner][vc_column_inner width=\u00a0\u00bb1\/6&Prime;][vc_btn title=\u00a0\u00bbSUR BIZILI\u00a0\u00bb style=\u00a0\u00bboutline-custom\u00a0\u00bb outline_custom_color=\u00a0\u00bb#FFFFFF\u00a0\u00bb outline_custom_hover_background=\u00a0\u00bb#D9A3E7&Prime; size=\u00a0\u00bbsm\u00a0\u00bb align=\u00a0\u00bbcenter\u00a0\u00bb i_align=\u00a0\u00bbright\u00a0\u00bb i_icon_fontawesome=\u00a0\u00bbfa fa-solid fa-arrow-right-long\u00a0\u00bb css_animation=\u00a0\u00bbfadeIn\u00a0\u00bb css=\u00a0\u00bb\u00a0\u00bb button_block=\u00a0\u00bbtrue\u00a0\u00bb add_icon=\u00a0\u00bbtrue\u00a0\u00bb link=\u00a0\u00bburl:https%3A%2F%2Fbizili.kwinpreview.be%2Ffr%2Fsur-bizili%2F|title:Over%20bizili\u00a0\u00bb][\/vc_column_inner][vc_column_inner width=\u00a0\u00bb1\/6&Prime;][vc_btn title=\u00a0\u00bbTARIFS\u00a0\u00bb style=\u00a0\u00bboutline-custom\u00a0\u00bb outline_custom_color=\u00a0\u00bb#FFFFFF\u00a0\u00bb outline_custom_hover_background=\u00a0\u00bb#D9A3E7&Prime; size=\u00a0\u00bbsm\u00a0\u00bb align=\u00a0\u00bbcenter\u00a0\u00bb i_align=\u00a0\u00bbright\u00a0\u00bb&hellip;&nbsp;<\/p>\n","protected":false},"author":1,"featured_media":0,"parent":0,"menu_order":0,"comment_status":"closed","ping_status":"closed","template":"","meta":{"neve_meta_sidebar":"","neve_meta_container":"","neve_meta_enable_content_width":"off","neve_meta_content_width":100,"neve_meta_title_alignment":"","neve_meta_author_avatar":"","neve_post_elements_order":"","neve_meta_disable_header":"","neve_meta_disable_footer":"","neve_meta_disable_title":"on","neve_meta_reading_time":"","footnotes":""},"class_list":["post-898","page","type-page","status-publish","hentry"],"yoast_head":"<!-- This site is optimized with the Yoast SEO plugin v27.1.1 - https:\/\/yoast.com\/product\/yoast-seo-wordpress\/ -->\n<title>Home - Bizili Bizili | De digitale licentie van Reprobel<\/title>\n<meta name=\"robots\" content=\"noindex, follow, max-snippet:-1, max-image-preview:large, max-video-preview:-1\" \/>\n<meta property=\"og:locale\" content=\"fr_FR\" \/>\n<meta property=\"og:type\" content=\"article\" \/>\n<meta property=\"og:title\" content=\"Home - Bizili Bizili | De digitale licentie van Reprobel\" \/>\n<meta property=\"og:description\" content=\"[vc_row full_width=\u00a0\u00bbstretch_row\u00a0\u00bb full_height=\u00a0\u00bbyes\u00a0\u00bb columns_placement=\u00a0\u00bbbottom\u00a0\u00bb content_placement=\u00a0\u00bbtop\u00a0\u00bb css=\u00a0\u00bb.vc_custom_1772716429799{background-color: #360019 !important;}\u00a0\u00bb][vc_column][vc_row_inner css=\u00a0\u00bb.vc_custom_1772716388830{margin-top: 5% !important;}\u00a0\u00bb][vc_column_inner][vc_column_text css_animation=\u00a0\u00bbzoomIn\u00a0\u00bb css=\u00a0\u00bb\u00a0\u00bb el_class=\u00a0\u00bborange h1hero\u00a0\u00bb] LA licence business pour textes et images [\/vc_column_text][\/vc_column_inner][\/vc_row_inner][vc_row_inner css=\u00a0\u00bb.vc_custom_1772716076393{padding-right: 15% !important;padding-left: 15% !important;}\u00a0\u00bb][vc_column_inner width=\u00a0\u00bb1\/6&Prime;][\/vc_column_inner][vc_column_inner width=\u00a0\u00bb1\/6&Prime;][\/vc_column_inner][vc_column_inner width=\u00a0\u00bb1\/6&Prime;][vc_btn title=\u00a0\u00bbSUR BIZILI\u00a0\u00bb style=\u00a0\u00bboutline-custom\u00a0\u00bb outline_custom_color=\u00a0\u00bb#FFFFFF\u00a0\u00bb outline_custom_hover_background=\u00a0\u00bb#D9A3E7&Prime; size=\u00a0\u00bbsm\u00a0\u00bb align=\u00a0\u00bbcenter\u00a0\u00bb i_align=\u00a0\u00bbright\u00a0\u00bb i_icon_fontawesome=\u00a0\u00bbfa fa-solid fa-arrow-right-long\u00a0\u00bb css_animation=\u00a0\u00bbfadeIn\u00a0\u00bb css=\u00a0\u00bb\u00a0\u00bb button_block=\u00a0\u00bbtrue\u00a0\u00bb add_icon=\u00a0\u00bbtrue\u00a0\u00bb link=\u00a0\u00bburl:https%3A%2F%2Fbizili.kwinpreview.be%2Ffr%2Fsur-bizili%2F|title:Over%20bizili\u00a0\u00bb][\/vc_column_inner][vc_column_inner width=\u00a0\u00bb1\/6&Prime;][vc_btn title=\u00a0\u00bbTARIFS\u00a0\u00bb style=\u00a0\u00bboutline-custom\u00a0\u00bb outline_custom_color=\u00a0\u00bb#FFFFFF\u00a0\u00bb outline_custom_hover_background=\u00a0\u00bb#D9A3E7&Prime; size=\u00a0\u00bbsm\u00a0\u00bb align=\u00a0\u00bbcenter\u00a0\u00bb i_align=\u00a0\u00bbright\u00a0\u00bb&hellip;&nbsp;\" \/>\n<meta property=\"og:url\" content=\"https:\/\/bizili.kwinpreview.be\/fr\/\" \/>\n<meta property=\"og:site_name\" content=\"Bizili Bizili | De digitale licentie van Reprobel\" \/>\n<meta property=\"article:modified_time\" content=\"2026-04-03T21:31:40+00:00\" \/>\n<meta name=\"twitter:card\" content=\"summary_large_image\" \/>\n<meta name=\"twitter:label1\" content=\"Dur\u00e9e de lecture estim\u00e9e\" \/>\n\t<meta name=\"twitter:data1\" content=\"5 minutes\" \/>\n<script type=\"application\/ld+json\" class=\"yoast-schema-graph\">{\"@context\":\"https:\/\/schema.org\",\"@graph\":[{\"@type\":\"WebPage\",\"@id\":\"https:\/\/bizili.kwinpreview.be\/fr\/\",\"url\":\"https:\/\/bizili.kwinpreview.be\/fr\/\",\"name\":\"Home - Bizili Bizili | De digitale licentie van Reprobel\",\"isPartOf\":{\"@id\":\"https:\/\/bizili.kwinpreview.be\/fr\/#website\"},\"datePublished\":\"2026-03-05T11:16:46+00:00\",\"dateModified\":\"2026-04-03T21:31:40+00:00\",\"breadcrumb\":{\"@id\":\"https:\/\/bizili.kwinpreview.be\/fr\/#breadcrumb\"},\"inLanguage\":\"fr-FR\",\"potentialAction\":[{\"@type\":\"ReadAction\",\"target\":[\"https:\/\/bizili.kwinpreview.be\/fr\/\"]}]},{\"@type\":\"BreadcrumbList\",\"@id\":\"https:\/\/bizili.kwinpreview.be\/fr\/#breadcrumb\",\"itemListElement\":[{\"@type\":\"ListItem\",\"position\":1,\"name\":\"Home\",\"item\":\"https:\/\/bizili.kwinpreview.be\/fr\/\"},{\"@type\":\"ListItem\",\"position\":2,\"name\":\"Home\"}]},{\"@type\":\"WebSite\",\"@id\":\"https:\/\/bizili.kwinpreview.be\/fr\/#website\",\"url\":\"https:\/\/bizili.kwinpreview.be\/fr\/\",\"name\":\"Bizili Bizili | De digitale licentie van Reprobel\",\"description\":\"\",\"potentialAction\":[{\"@type\":\"SearchAction\",\"target\":{\"@type\":\"EntryPoint\",\"urlTemplate\":\"https:\/\/bizili.kwinpreview.be\/fr\/?s={search_term_string}\"},\"query-input\":{\"@type\":\"PropertyValueSpecification\",\"valueRequired\":true,\"valueName\":\"search_term_string\"}}],\"inLanguage\":\"fr-FR\"}]}<\/script>\n<!-- \/ Yoast SEO plugin. -->","yoast_head_json":{"title":"Home - Bizili Bizili | De digitale licentie van Reprobel","robots":{"index":"noindex","follow":"follow","max-snippet":"max-snippet:-1","max-image-preview":"max-image-preview:large","max-video-preview":"max-video-preview:-1"},"og_locale":"fr_FR","og_type":"article","og_title":"Home - Bizili Bizili | De digitale licentie van Reprobel","og_description":"[vc_row full_width=\u00a0\u00bbstretch_row\u00a0\u00bb full_height=\u00a0\u00bbyes\u00a0\u00bb columns_placement=\u00a0\u00bbbottom\u00a0\u00bb content_placement=\u00a0\u00bbtop\u00a0\u00bb css=\u00a0\u00bb.vc_custom_1772716429799{background-color: #360019 !important;}\u00a0\u00bb][vc_column][vc_row_inner css=\u00a0\u00bb.vc_custom_1772716388830{margin-top: 5% !important;}\u00a0\u00bb][vc_column_inner][vc_column_text css_animation=\u00a0\u00bbzoomIn\u00a0\u00bb css=\u00a0\u00bb\u00a0\u00bb el_class=\u00a0\u00bborange h1hero\u00a0\u00bb] LA licence business pour textes et images [\/vc_column_text][\/vc_column_inner][\/vc_row_inner][vc_row_inner css=\u00a0\u00bb.vc_custom_1772716076393{padding-right: 15% !important;padding-left: 15% !important;}\u00a0\u00bb][vc_column_inner width=\u00a0\u00bb1\/6&Prime;][\/vc_column_inner][vc_column_inner width=\u00a0\u00bb1\/6&Prime;][\/vc_column_inner][vc_column_inner width=\u00a0\u00bb1\/6&Prime;][vc_btn title=\u00a0\u00bbSUR BIZILI\u00a0\u00bb style=\u00a0\u00bboutline-custom\u00a0\u00bb outline_custom_color=\u00a0\u00bb#FFFFFF\u00a0\u00bb outline_custom_hover_background=\u00a0\u00bb#D9A3E7&Prime; size=\u00a0\u00bbsm\u00a0\u00bb align=\u00a0\u00bbcenter\u00a0\u00bb i_align=\u00a0\u00bbright\u00a0\u00bb i_icon_fontawesome=\u00a0\u00bbfa fa-solid fa-arrow-right-long\u00a0\u00bb css_animation=\u00a0\u00bbfadeIn\u00a0\u00bb css=\u00a0\u00bb\u00a0\u00bb button_block=\u00a0\u00bbtrue\u00a0\u00bb add_icon=\u00a0\u00bbtrue\u00a0\u00bb link=\u00a0\u00bburl:https%3A%2F%2Fbizili.kwinpreview.be%2Ffr%2Fsur-bizili%2F|title:Over%20bizili\u00a0\u00bb][\/vc_column_inner][vc_column_inner width=\u00a0\u00bb1\/6&Prime;][vc_btn title=\u00a0\u00bbTARIFS\u00a0\u00bb style=\u00a0\u00bboutline-custom\u00a0\u00bb outline_custom_color=\u00a0\u00bb#FFFFFF\u00a0\u00bb outline_custom_hover_background=\u00a0\u00bb#D9A3E7&Prime; size=\u00a0\u00bbsm\u00a0\u00bb align=\u00a0\u00bbcenter\u00a0\u00bb i_align=\u00a0\u00bbright\u00a0\u00bb&hellip;&nbsp;","og_url":"https:\/\/bizili.kwinpreview.be\/fr\/","og_site_name":"Bizili Bizili | De digitale licentie van Reprobel","article_modified_time":"2026-04-03T21:31:40+00:00","twitter_card":"summary_large_image","twitter_misc":{"Dur\u00e9e de lecture estim\u00e9e":"5 minutes"},"schema":{"@context":"https:\/\/schema.org","@graph":[{"@type":"WebPage","@id":"https:\/\/bizili.kwinpreview.be\/fr\/","url":"https:\/\/bizili.kwinpreview.be\/fr\/","name":"Home - Bizili Bizili | De digitale licentie van Reprobel","isPartOf":{"@id":"https:\/\/bizili.kwinpreview.be\/fr\/#website"},"datePublished":"2026-03-05T11:16:46+00:00","dateModified":"2026-04-03T21:31:40+00:00","breadcrumb":{"@id":"https:\/\/bizili.kwinpreview.be\/fr\/#breadcrumb"},"inLanguage":"fr-FR","potentialAction":[{"@type":"ReadAction","target":["https:\/\/bizili.kwinpreview.be\/fr\/"]}]},{"@type":"BreadcrumbList","@id":"https:\/\/bizili.kwinpreview.be\/fr\/#breadcrumb","itemListElement":[{"@type":"ListItem","position":1,"name":"Home","item":"https:\/\/bizili.kwinpreview.be\/fr\/"},{"@type":"ListItem","position":2,"name":"Home"}]},{"@type":"WebSite","@id":"https:\/\/bizili.kwinpreview.be\/fr\/#website","url":"https:\/\/bizili.kwinpreview.be\/fr\/","name":"Bizili Bizili | De digitale licentie van Reprobel","description":"","potentialAction":[{"@type":"SearchAction","target":{"@type":"EntryPoint","urlTemplate":"https:\/\/bizili.kwinpreview.be\/fr\/?s={search_term_string}"},"query-input":{"@type":"PropertyValueSpecification","valueRequired":true,"valueName":"search_term_string"}}],"inLanguage":"fr-FR"}]}},"_links":{"self":[{"href":"https:\/\/bizili.kwinpreview.be\/fr\/wp-json\/wp\/v2\/pages\/898","targetHints":{"allow":["GET"]}}],"collection":[{"href":"https:\/\/bizili.kwinpreview.be\/fr\/wp-json\/wp\/v2\/pages"}],"about":[{"href":"https:\/\/bizili.kwinpreview.be\/fr\/wp-json\/wp\/v2\/types\/page"}],"author":[{"embeddable":true,"href":"https:\/\/bizili.kwinpreview.be\/fr\/wp-json\/wp\/v2\/users\/1"}],"replies":[{"embeddable":true,"href":"https:\/\/bizili.kwinpreview.be\/fr\/wp-json\/wp\/v2\/comments?post=898"}],"version-history":[{"count":12,"href":"https:\/\/bizili.kwinpreview.be\/fr\/wp-json\/wp\/v2\/pages\/898\/revisions"}],"predecessor-version":[{"id":1200,"href":"https:\/\/bizili.kwinpreview.be\/fr\/wp-json\/wp\/v2\/pages\/898\/revisions\/1200"}],"wp:attachment":[{"href":"https:\/\/bizili.kwinpreview.be\/fr\/wp-json\/wp\/v2\/media?parent=898"}],"curies":[{"name":"wp","href":"https:\/\/api.w.org\/{rel}","templated":true}]}}